{"id":3079,"date":"2026-01-10T12:19:28","date_gmt":"2026-01-10T12:19:28","guid":{"rendered":"https:\/\/wolffinance.swiss\/?page_id=3079"},"modified":"2026-08-10T18:09:10","modified_gmt":"2026-08-10T18:09:10","slug":"fondateur","status":"publish","type":"page","link":"https:\/\/wolffinance.swiss\/en\/fondateur\/","title":{"rendered":"Fondateur"},"content":{"rendered":"<p>[et_pb_section fb_built=\u00a0\u00bb1&Prime; _builder_version=\u00a0\u00bb4.27.5&Prime; _module_preset=\u00a0\u00bbdefault\u00a0\u00bb background_color=\u00a0\u00bb#FFFFFF\u00a0\u00bb custom_padding=\u00a0\u00bb||0px|||\u00a0\u00bb global_colors_info=\u00a0\u00bb{}\u00a0\u00bb][et_pb_row column_structure=\u00a0\u00bb2_3,1_3&Prime; module_class=\u00a0\u00bbvertical-center\u00a0\u00bb _builder_version=\u00a0\u00bb4.27.5&Prime; _module_preset=\u00a0\u00bbdefault\u00a0\u00bb collapsed=\u00a0\u00bboff\u00a0\u00bb global_colors_info=\u00a0\u00bb{}\u00a0\u00bb][et_pb_column type=\u00a0\u00bb2_3&Prime; _builder_version=\u00a0\u00bb4.27.5&Prime; _module_preset=\u00a0\u00bbdefault\u00a0\u00bb global_colors_info=\u00a0\u00bb{}\u00a0\u00bb][et_pb_text _builder_version=\u00a0\u00bb4.27.5&Prime; _module_preset=\u00a0\u00bbdefault\u00a0\u00bb text_font=\u00a0\u00bb||||||||\u00a0\u00bb text_text_color=\u00a0\u00bb#011133&Prime; text_font_size=\u00a0\u00bb20px\u00a0\u00bb header_font=\u00a0\u00bb|600|||||||\u00a0\u00bb header_text_color=\u00a0\u00bb#011133&Prime; global_colors_info=\u00a0\u00bb{}\u00a0\u00bb]<\/p>\n<h1>Matthieu de Wolff<\/h1>\n<p>Professionnel de la finance avec plus de 30 ans d\u2019exp\u00e9rience, j\u2019accompagne des particuliers, des familles et des entrepreneurs dans la gestion, la structuration et la protection de leur patrimoine.<\/p>\n<p>Titulaire du Brevet f\u00e9d\u00e9ral de conseiller financier, j\u2019ai exerc\u00e9 au sein de plusieurs \u00e9tablissements bancaires de premier plan, notamment au Credit Suisse, chez Lombard Odier, \u00e0 la BCV, \u00e0 la Soci\u00e9t\u00e9 G\u00e9n\u00e9rale et \u00e0 la Banque Syz. J\u2019y ai acquis une solide expertise en gestion de portefeuille, gestion des risques ainsi qu\u2019en cr\u00e9dits lombards et hypoth\u00e9caires.<\/p>\n<p>Depuis 2023, j\u2019ai recentr\u00e9 mon activit\u00e9 sur la sant\u00e9 financi\u00e8re globale de mes clients, en adoptant une approche patrimoniale \u00e0 360\u00b0. Cette orientation m\u2019a permis de d\u00e9velopper une expertise approfondie en planification financi\u00e8re, pr\u00e9voyance, assurances, financement immobilier et solutions d\u2019investissement.<\/p>\n<p>Fondateur de WOLFFinance, je d\u00e9fends une approche ind\u00e9pendante, rigoureuse et personnalis\u00e9e, orient\u00e9e vers la cr\u00e9ation de valeur \u00e0 long terme et vers l\u2019alignement des d\u00e9cisions financi\u00e8res de mes clients avec leurs objectifs de vie.<\/p>\n<p>[\/et_pb_text][\/et_pb_column][et_pb_column type=\u00a0\u00bb1_3&Prime; _builder_version=\u00a0\u00bb4.27.5&Prime; _module_preset=\u00a0\u00bbdefault\u00a0\u00bb global_colors_info=\u00a0\u00bb{}\u00a0\u00bb][et_pb_image src=\u00a0\u00bbhttps:\/\/wolffinance.swiss\/wp-content\/uploads\/2026\/07\/matthieu-de-wolff.png\u00a0\u00bb alt=\u00a0\u00bbmatthieu de wolff\u00a0\u00bb title_text=\u00a0\u00bbmatthieu-de-wolff\u00a0\u00bb align=\u00a0\u00bbcenter\u00a0\u00bb _builder_version=\u00a0\u00bb4.27.6&Prime; _module_preset=\u00a0\u00bbdefault\u00a0\u00bb global_colors_info=\u00a0\u00bb{}\u00a0\u00bb][\/et_pb_image][\/et_pb_column][\/et_pb_row][\/et_pb_section][et_pb_section fb_built=\u00a0\u00bb1&Prime; _builder_version=\u00a0\u00bb4.27.5&Prime; background_color=\u00a0\u00bb#FFFFFF\u00a0\u00bb background_image=\u00a0\u00bbhttps:\/\/wolffinance.swiss\/wp-content\/uploads\/2026\/02\/fond-blanc-home-2-scaled.jpg\u00a0\u00bb background_size=\u00a0\u00bbcontain\u00a0\u00bb background_position=\u00a0\u00bbcenter_right\u00a0\u00bb custom_padding=\u00a0\u00bb40px|||||\u00a0\u00bb collapsed=\u00a0\u00bboff\u00a0\u00bb global_colors_info=\u00a0\u00bb{}\u00a0\u00bb][et_pb_row _builder_version=\u00a0\u00bb4.27.5&Prime; _module_preset=\u00a0\u00bbdefault\u00a0\u00bb custom_padding=\u00a0\u00bb8px||0px|||\u00a0\u00bb global_colors_info=\u00a0\u00bb{}\u00a0\u00bb][et_pb_column type=\u00a0\u00bb4_4&Prime; _builder_version=\u00a0\u00bb4.27.5&Prime; _module_preset=\u00a0\u00bbdefault\u00a0\u00bb global_colors_info=\u00a0\u00bb{}\u00a0\u00bb][et_pb_image src=\u00a0\u00bbhttps:\/\/wolffinance.swiss\/wp-content\/uploads\/2026\/02\/Wolf-icon-t.png\u00a0\u00bb title_text=\u00a0\u00bbWolf-icon-t\u00a0\u00bb admin_label=\u00a0\u00bbImage\u00a0\u00bb _builder_version=\u00a0\u00bb4.27.6&Prime; _module_preset=\u00a0\u00bbdefault\u00a0\u00bb width=\u00a0\u00bb8%\u00a0\u00bb width_tablet=\u00a0\u00bb8%\u00a0\u00bb width_phone=\u00a0\u00bb20%\u00a0\u00bb width_last_edited=\u00a0\u00bbon|phone\u00a0\u00bb module_alignment=\u00a0\u00bbcenter\u00a0\u00bb custom_margin=\u00a0\u00bb||10px||false|false\u00a0\u00bb global_colors_info=\u00a0\u00bb{}\u00a0\u00bb][\/et_pb_image][et_pb_text _builder_version=\u00a0\u00bb4.27.5&Prime; _module_preset=\u00a0\u00bbdefault\u00a0\u00bb header_2_font=\u00a0\u00bb&#8211;et_global_body_font|800||on|||||\u00a0\u00bb header_2_text_align=\u00a0\u00bbcenter\u00a0\u00bb header_2_text_color=\u00a0\u00bbgcid-de8834fb-5f89-4678-9f06-f38ce2706661&Prime; header_2_font_size=\u00a0\u00bb25px\u00a0\u00bb header_2_letter_spacing=\u00a0\u00bb2px\u00a0\u00bb width=\u00a0\u00bb32%\u00a0\u00bb module_alignment=\u00a0\u00bbcenter\u00a0\u00bb custom_margin=\u00a0\u00bb||20px||false|false\u00a0\u00bb border_width_bottom=\u00a0\u00bb0.5px\u00a0\u00bb border_color_bottom=\u00a0\u00bb#011133&Prime; locked=\u00a0\u00bboff\u00a0\u00bb global_colors_info=\u00a0\u00bb{%22gcid-de8834fb-5f89-4678-9f06-f38ce2706661%22:%91%22header_2_text_color%22%93}\u00a0\u00bb]<\/p>\n<h2>Valeurs<\/h2>\n<p>[\/et_pb_text][et_pb_text _builder_version=\u00a0\u00bb4.27.6&Prime; _module_preset=\u00a0\u00bb31d1b019-b248-4cf0-8ac3-38d8ec0052e7&Prime; custom_margin_phone=\u00a0\u00bb||8%||false|false\u00a0\u00bb global_colors_info=\u00a0\u00bb{}\u00a0\u00bb]<\/p>\n<h2 class=\"p1\">Principes directeurs<\/h2>\n<p>[\/et_pb_text][\/et_pb_column][\/et_pb_row][et_pb_row column_structure=\u00a0\u00bb1_4,1_4,1_4,1_4&Prime; use_custom_gutter=\u00a0\u00bbon\u00a0\u00bb make_equal=\u00a0\u00bbon\u00a0\u00bb _builder_version=\u00a0\u00bb4.27.5&Prime; _module_preset=\u00a0\u00bbdefault\u00a0\u00bb max_width=\u00a0\u00bb2560px\u00a0\u00bb locked=\u00a0\u00bboff\u00a0\u00bb global_colors_info=\u00a0\u00bb{}\u00a0\u00bb][et_pb_column type=\u00a0\u00bb1_4&Prime; _builder_version=\u00a0\u00bb4.27.5&Prime; _module_preset=\u00a0\u00bbdefault\u00a0\u00bb global_colors_info=\u00a0\u00bb{}\u00a0\u00bb][et_pb_text _builder_version=\u00a0\u00bb4.27.5&Prime; _module_preset=\u00a0\u00bbdefault\u00a0\u00bb text_text_color=\u00a0\u00bb#011133&Prime; text_font_size=\u00a0\u00bb18px\u00a0\u00bb header_3_font=\u00a0\u00bb&#8211;et_global_body_font|800|||||||\u00a0\u00bb header_3_text_color=\u00a0\u00bbgcid-de8834fb-5f89-4678-9f06-f38ce2706661&Prime; header_3_font_size=\u00a0\u00bb34px\u00a0\u00bb header_3_letter_spacing=\u00a0\u00bb-1px\u00a0\u00bb global_colors_info=\u00a0\u00bb{%22gcid-de8834fb-5f89-4678-9f06-f38ce2706661%22:%91%22header_3_text_color%22%93}\u00a0\u00bb]<\/p>\n<h3>Respect<\/h3>\n<p>J\u2019accorde une attention particuli\u00e8re au respect de mes clients \u2014 de leur vision patrimoniale, de leur besoin de discr\u00e9tion, de leurs choix strat\u00e9giques et de leurs partenaires. Je privil\u00e9gie une approche collaborative et m\u2019attache \u00e0 b\u00e2tir des relations de confiance inscrites dans la dur\u00e9e.<\/p>\n<p>[\/et_pb_text][\/et_pb_column][et_pb_column type=\u00a0\u00bb1_4&Prime; _builder_version=\u00a0\u00bb4.27.5&Prime; _module_preset=\u00a0\u00bbdefault\u00a0\u00bb global_colors_info=\u00a0\u00bb{}\u00a0\u00bb][et_pb_text _builder_version=\u00a0\u00bb4.27.5&Prime; _module_preset=\u00a0\u00bbdefault\u00a0\u00bb text_text_color=\u00a0\u00bb#011133&Prime; text_font_size=\u00a0\u00bb18px\u00a0\u00bb header_3_font=\u00a0\u00bb&#8211;et_global_body_font|800|||||||\u00a0\u00bb header_3_text_color=\u00a0\u00bb#d80056&Prime; header_3_font_size=\u00a0\u00bb34px\u00a0\u00bb global_colors_info=\u00a0\u00bb{%22gcid-de8834fb-5f89-4678-9f06-f38ce2706661%22:%91%22header_3_text_color%22,%22header_3_text_color%22%93}\u00a0\u00bb]<\/p>\n<h3 class=\"p1\">Ind\u00e9pendance<\/h3>\n<p>L\u2019ind\u00e9pendance est un des fondements de ma d\u00e9marche. En effet, pr\u00e9server la libert\u00e9 financi\u00e8re et d\u00e9cisionnelle de mes clients est une priorit\u00e9 absolue : je leur pr\u00e9sente avec clart\u00e9 l\u2019ensemble des options et des leviers disponibles, afin qu\u2019ils prennent leurs d\u00e9cisions en toute transparence, librement et en parfaite connaissance de cause.<\/p>\n<p>[\/et_pb_text][\/et_pb_column][et_pb_column type=\u00a0\u00bb1_4&Prime; _builder_version=\u00a0\u00bb4.27.5&Prime; _module_preset=\u00a0\u00bbdefault\u00a0\u00bb global_colors_info=\u00a0\u00bb{}\u00a0\u00bb][et_pb_text _builder_version=\u00a0\u00bb4.27.5&Prime; _module_preset=\u00a0\u00bbdefault\u00a0\u00bb text_text_color=\u00a0\u00bb#011133&Prime; text_font_size=\u00a0\u00bb18px\u00a0\u00bb header_3_font=\u00a0\u00bb&#8211;et_global_body_font|800|||||||\u00a0\u00bb header_3_text_color=\u00a0\u00bb#d80056&Prime; header_3_font_size=\u00a0\u00bb34px\u00a0\u00bb global_colors_info=\u00a0\u00bb{%22gcid-de8834fb-5f89-4678-9f06-f38ce2706661%22:%91%22header_3_text_color%22,%22header_3_text_color%22%93}\u00a0\u00bb]<\/p>\n<h3>Engagement<\/h3>\n<p>Tr\u00e8s attentif \u00e0 mes clients, je leur r\u00e9ponds avec r\u00e9activit\u00e9, discernement et professionnalisme. J&rsquo;ai une approche proactive qui me permet d\u2019anticiper les enjeux et d\u2019apporter des solutions adapt\u00e9es. Pour moi, une disponibilit\u00e9 constante est la condition essentielle d\u2019un service d\u2019exception et d\u2019une r\u00e9ussite durable.<\/p>\n<p>[\/et_pb_text][\/et_pb_column][et_pb_column type=\u00a0\u00bb1_4&Prime; _builder_version=\u00a0\u00bb4.27.5&Prime; _module_preset=\u00a0\u00bbdefault\u00a0\u00bb global_colors_info=\u00a0\u00bb{}\u00a0\u00bb][et_pb_text _builder_version=\u00a0\u00bb4.27.5&Prime; _module_preset=\u00a0\u00bbdefault\u00a0\u00bb text_text_color=\u00a0\u00bb#011133&Prime; text_font_size=\u00a0\u00bb18px\u00a0\u00bb header_3_font=\u00a0\u00bb&#8211;et_global_body_font|800|||||||\u00a0\u00bb header_3_text_color=\u00a0\u00bb#d80056&Prime; header_3_font_size=\u00a0\u00bb34px\u00a0\u00bb global_colors_info=\u00a0\u00bb{%22gcid-de8834fb-5f89-4678-9f06-f38ce2706661%22:%91%22header_3_text_color%22,%22header_3_text_color%22%93}\u00a0\u00bb]<\/p>\n<h3 class=\"p1\">Excellence<\/h3>\n<p>Ma conception de l\u2019excellence s\u2019exprime \u00e0 travers la qualit\u00e9 des services que je d\u00e9livre et par une s\u00e9lection exigeante de partenaires comptant parmi les meilleurs sp\u00e9cialistes. Anim\u00e9 par une attention constante des d\u00e9tails, j\u2019assure un suivi pr\u00e9cis et un contr\u00f4le rigoureux de chaque op\u00e9ration.<\/p>\n<p>[\/et_pb_text][\/et_pb_column][\/et_pb_row][\/et_pb_section][et_pb_section fb_built=\u00a0\u00bb1&Prime; _builder_version=\u00a0\u00bb4.27.6&Prime; _module_preset=\u00a0\u00bbdefault\u00a0\u00bb global_colors_info=\u00a0\u00bb{}\u00a0\u00bb][et_pb_row _builder_version=\u00a0\u00bb4.27.6&Prime; _module_preset=\u00a0\u00bbdefault\u00a0\u00bb global_colors_info=\u00a0\u00bb{}\u00a0\u00bb][et_pb_column type=\u00a0\u00bb4_4&Prime; _builder_version=\u00a0\u00bb4.27.6&Prime; _module_preset=\u00a0\u00bbdefault\u00a0\u00bb global_colors_info=\u00a0\u00bb{}\u00a0\u00bb][\/et_pb_column][\/et_pb_row][\/et_pb_section]<\/p>\n","protected":false},"excerpt":{"rendered":"<p>Matthieu de Wolff Professionnel de la finance avec plus de 30 ans d\u2019exp\u00e9rience, j\u2019accompagne des particuliers, des familles et des entrepreneurs dans la gestion, la structuration et la protection de leur patrimoine. Titulaire du Brevet f\u00e9d\u00e9ral de conseiller financier, j\u2019ai exerc\u00e9 au sein de plusieurs \u00e9tablissements bancaires de premier plan, notamment au Credit Suisse, chez [&hellip;]<\/p>\n","protected":false},"author":1,"featured_media":0,"parent":0,"menu_order":0,"comment_status":"closed","ping_status":"closed","template":"","meta":{"_et_pb_use_builder":"on","_et_pb_old_content":"<!-- wp:divi\/placeholder \/-->","_et_gb_content_width":"","footnotes":""},"class_list":["post-3079","page","type-page","status-publish","hentry"],"yoast_head":"<!-- This site is optimized with the Yoast SEO plugin v28.4 - https:\/\/yoast.com\/product\/yoast-seo-wordpress\/ -->\n<title>Fondateur - WOLFFinance<\/title>\n<meta name=\"robots\" content=\"index, follow, max-snippet:-1, max-image-preview:large, max-video-preview:-1\" \/>\n<link rel=\"canonical\" href=\"https:\/\/wolffinance.swiss\/en\/fondateur\/\" \/>\n<meta property=\"og:locale\" content=\"en_GB\" \/>\n<meta property=\"og:type\" content=\"article\" \/>\n<meta property=\"og:title\" content=\"Fondateur - WOLFFinance\" \/>\n<meta property=\"og:description\" content=\"Matthieu de Wolff Professionnel de la finance avec plus de 30 ans d\u2019exp\u00e9rience, j\u2019accompagne des particuliers, des familles et des entrepreneurs dans la gestion, la structuration et la protection de leur patrimoine. Titulaire du Brevet f\u00e9d\u00e9ral de conseiller financier, j\u2019ai exerc\u00e9 au sein de plusieurs \u00e9tablissements bancaires de premier plan, notamment au Credit Suisse, chez [&hellip;]\" \/>\n<meta property=\"og:url\" content=\"https:\/\/wolffinance.swiss\/en\/fondateur\/\" \/>\n<meta property=\"og:site_name\" content=\"WOLFFinance\" \/>\n<meta property=\"article:modified_time\" content=\"2026-08-10T18:09:10+00:00\" \/>\n<meta name=\"twitter:card\" content=\"summary_large_image\" \/>\n<meta name=\"twitter:label1\" content=\"Estimated reading time\" \/>\n\t<meta name=\"twitter:data1\" content=\"3 minutes\" \/>\n<script type=\"application\/ld+json\" class=\"yoast-schema-graph\">{\"@context\":\"https:\\\/\\\/schema.org\",\"@graph\":[{\"@type\":\"WebPage\",\"@id\":\"https:\\\/\\\/wolffinance.swiss\\\/fondateur\\\/\",\"url\":\"https:\\\/\\\/wolffinance.swiss\\\/fondateur\\\/\",\"name\":\"Fondateur - WOLFFinance\",\"isPartOf\":{\"@id\":\"https:\\\/\\\/wolffinance.swiss\\\/#website\"},\"datePublished\":\"2026-01-10T12:19:28+00:00\",\"dateModified\":\"2026-08-10T18:09:10+00:00\",\"breadcrumb\":{\"@id\":\"https:\\\/\\\/wolffinance.swiss\\\/fondateur\\\/#breadcrumb\"},\"inLanguage\":\"en-GB\",\"potentialAction\":[{\"@type\":\"ReadAction\",\"target\":[\"https:\\\/\\\/wolffinance.swiss\\\/fondateur\\\/\"]}]},{\"@type\":\"BreadcrumbList\",\"@id\":\"https:\\\/\\\/wolffinance.swiss\\\/fondateur\\\/#breadcrumb\",\"itemListElement\":[{\"@type\":\"ListItem\",\"position\":1,\"name\":\"Accueil\",\"item\":\"https:\\\/\\\/wolffinance.swiss\\\/\"},{\"@type\":\"ListItem\",\"position\":2,\"name\":\"Fondateur\"}]},{\"@type\":\"WebSite\",\"@id\":\"https:\\\/\\\/wolffinance.swiss\\\/#website\",\"url\":\"https:\\\/\\\/wolffinance.swiss\\\/\",\"name\":\"WOLFFinance\",\"description\":\"Investir pour Demain\",\"publisher\":{\"@id\":\"https:\\\/\\\/wolffinance.swiss\\\/#organization\"},\"potentialAction\":[{\"@type\":\"SearchAction\",\"target\":{\"@type\":\"EntryPoint\",\"urlTemplate\":\"https:\\\/\\\/wolffinance.swiss\\\/?s={search_term_string}\"},\"query-input\":{\"@type\":\"PropertyValueSpecification\",\"valueRequired\":true,\"valueName\":\"search_term_string\"}}],\"inLanguage\":\"en-GB\"},{\"@type\":\"Organization\",\"@id\":\"https:\\\/\\\/wolffinance.swiss\\\/#organization\",\"name\":\"WOLFFinance\",\"url\":\"https:\\\/\\\/wolffinance.swiss\\\/\",\"logo\":{\"@type\":\"ImageObject\",\"inLanguage\":\"en-GB\",\"@id\":\"https:\\\/\\\/wolffinance.swiss\\\/#\\\/schema\\\/logo\\\/image\\\/\",\"url\":\"https:\\\/\\\/wolffinance.swiss\\\/wp-content\\\/uploads\\\/2026\\\/01\\\/Ajouter-un-titre.png\",\"contentUrl\":\"https:\\\/\\\/wolffinance.swiss\\\/wp-content\\\/uploads\\\/2026\\\/01\\\/Ajouter-un-titre.png\",\"width\":500,\"height\":500,\"caption\":\"WOLFFinance\"},\"image\":{\"@id\":\"https:\\\/\\\/wolffinance.swiss\\\/#\\\/schema\\\/logo\\\/image\\\/\"}}]}<\/script>\n<!-- \/ Yoast SEO plugin. -->","yoast_head_json":{"title":"Fondateur - WOLFFinance","robots":{"index":"index","follow":"follow","max-snippet":"max-snippet:-1","max-image-preview":"max-image-preview:large","max-video-preview":"max-video-preview:-1"},"canonical":"https:\/\/wolffinance.swiss\/en\/fondateur\/","og_locale":"en_GB","og_type":"article","og_title":"Fondateur - WOLFFinance","og_description":"Matthieu de Wolff Professionnel de la finance avec plus de 30 ans d\u2019exp\u00e9rience, j\u2019accompagne des particuliers, des familles et des entrepreneurs dans la gestion, la structuration et la protection de leur patrimoine. Titulaire du Brevet f\u00e9d\u00e9ral de conseiller financier, j\u2019ai exerc\u00e9 au sein de plusieurs \u00e9tablissements bancaires de premier plan, notamment au Credit Suisse, chez [&hellip;]","og_url":"https:\/\/wolffinance.swiss\/en\/fondateur\/","og_site_name":"WOLFFinance","article_modified_time":"2026-08-10T18:09:10+00:00","twitter_card":"summary_large_image","twitter_misc":{"Estimated reading time":"3 minutes"},"schema":{"@context":"https:\/\/schema.org","@graph":[{"@type":"WebPage","@id":"https:\/\/wolffinance.swiss\/fondateur\/","url":"https:\/\/wolffinance.swiss\/fondateur\/","name":"Fondateur - WOLFFinance","isPartOf":{"@id":"https:\/\/wolffinance.swiss\/#website"},"datePublished":"2026-01-10T12:19:28+00:00","dateModified":"2026-08-10T18:09:10+00:00","breadcrumb":{"@id":"https:\/\/wolffinance.swiss\/fondateur\/#breadcrumb"},"inLanguage":"en-GB","potentialAction":[{"@type":"ReadAction","target":["https:\/\/wolffinance.swiss\/fondateur\/"]}]},{"@type":"BreadcrumbList","@id":"https:\/\/wolffinance.swiss\/fondateur\/#breadcrumb","itemListElement":[{"@type":"ListItem","position":1,"name":"Accueil","item":"https:\/\/wolffinance.swiss\/"},{"@type":"ListItem","position":2,"name":"Fondateur"}]},{"@type":"WebSite","@id":"https:\/\/wolffinance.swiss\/#website","url":"https:\/\/wolffinance.swiss\/","name":"WOLFFinance","description":"Investir pour Demain","publisher":{"@id":"https:\/\/wolffinance.swiss\/#organization"},"potentialAction":[{"@type":"SearchAction","target":{"@type":"EntryPoint","urlTemplate":"https:\/\/wolffinance.swiss\/?s={search_term_string}"},"query-input":{"@type":"PropertyValueSpecification","valueRequired":true,"valueName":"search_term_string"}}],"inLanguage":"en-GB"},{"@type":"Organization","@id":"https:\/\/wolffinance.swiss\/#organization","name":"WOLFFinance","url":"https:\/\/wolffinance.swiss\/","logo":{"@type":"ImageObject","inLanguage":"en-GB","@id":"https:\/\/wolffinance.swiss\/#\/schema\/logo\/image\/","url":"https:\/\/wolffinance.swiss\/wp-content\/uploads\/2026\/01\/Ajouter-un-titre.png","contentUrl":"https:\/\/wolffinance.swiss\/wp-content\/uploads\/2026\/01\/Ajouter-un-titre.png","width":500,"height":500,"caption":"WOLFFinance"},"image":{"@id":"https:\/\/wolffinance.swiss\/#\/schema\/logo\/image\/"}}]}},"_links":{"self":[{"href":"https:\/\/wolffinance.swiss\/en\/wp-json\/wp\/v2\/pages\/3079","targetHints":{"allow":["GET"]}}],"collection":[{"href":"https:\/\/wolffinance.swiss\/en\/wp-json\/wp\/v2\/pages"}],"about":[{"href":"https:\/\/wolffinance.swiss\/en\/wp-json\/wp\/v2\/types\/page"}],"author":[{"embeddable":true,"href":"https:\/\/wolffinance.swiss\/en\/wp-json\/wp\/v2\/users\/1"}],"replies":[{"embeddable":true,"href":"https:\/\/wolffinance.swiss\/en\/wp-json\/wp\/v2\/comments?post=3079"}],"version-history":[{"count":34,"href":"https:\/\/wolffinance.swiss\/en\/wp-json\/wp\/v2\/pages\/3079\/revisions"}],"predecessor-version":[{"id":5225,"href":"https:\/\/wolffinance.swiss\/en\/wp-json\/wp\/v2\/pages\/3079\/revisions\/5225"}],"wp:attachment":[{"href":"https:\/\/wolffinance.swiss\/en\/wp-json\/wp\/v2\/media?parent=3079"}],"curies":[{"name":"wp","href":"https:\/\/api.w.org\/{rel}","templated":true}]}}